{"id":3555,"date":"2020-12-17T12:19:38","date_gmt":"2020-12-17T09:19:38","guid":{"rendered":"https:\/\/gsfsergi.ebyu.edu.tr\/?page_id=3555"},"modified":"2020-12-26T15:40:39","modified_gmt":"2020-12-26T12:40:39","slug":"sergi-guncesi","status":"publish","type":"page","link":"https:\/\/gsfsergi.ebyu.edu.tr\/?page_id=3555","title":{"rendered":"Sergi G\u00fcncesi"},"content":{"rendered":"<p>[et_pb_section fb_built=&#8221;1&#8243; _builder_version=&#8221;4.7.6&#8243; background_color=&#8221;#000000&#8243;][et_pb_row _builder_version=&#8221;4.7.6&#8243; background_color=&#8221;#000000&#8243;][et_pb_column type=&#8221;4_4&#8243; _builder_version=&#8221;4.4.8&#8243;][et_pb_button button_url=&#8221;@ET-DC@eyJkeW5hbWljIjp0cnVlLCJjb250ZW50IjoicG9zdF9saW5rX3VybF9wYWdlIiwic2V0dGluZ3MiOnsicG9zdF9pZCI6IjYwNSJ9fQ==@&#8221; button_text=&#8221;Sergiye Geri D\u00f6n&#8221; admin_label=&#8221;D\u00fc\u011fme&#8221; _builder_version=&#8221;4.7.6&#8243; _dynamic_attributes=&#8221;button_url&#8221; _module_preset=&#8221;default&#8221; custom_button=&#8221;on&#8221; button_bg_color=&#8221;#000000&#8243; button_border_color=&#8221;#000000&#8243; button_font=&#8221;Indie Flower||||||||&#8221; button_icon=&#8221;%%41%%&#8221; button_icon_color=&#8221;#ffffff&#8221; button_icon_placement=&#8221;left&#8221; button_on_hover=&#8221;off&#8221;][\/et_pb_button][et_pb_text _builder_version=&#8221;4.7.7&#8243; _module_preset=&#8221;default&#8221; background_color=&#8221;#000000&#8243; hover_enabled=&#8221;0&#8243; sticky_enabled=&#8221;0&#8243;]<\/p>\n<p style=\"text-align: center;\"><span style=\"color: #ffffff;\"><strong><span style=\"font-size: 18pt;\">&#8211; Sergi G\u00fcncesi &#8211;<\/span><\/strong><\/span><\/p>\n<p>&nbsp;<\/p>\n<p><span style=\"font-size: 14pt; color: #ffffff;\"><strong>Hacer TOK, 26 Aral\u0131k 2020 Saat 15:04<\/strong><\/span><\/p>\n<p><span style=\"font-size: 14pt; color: #ffffff;\">Covid-19 la birlikte sadece d\u00fcnya de\u011fil milyonlarca insan\u0131n i\u00e7 d\u00fcnyas\u0131 da de\u011fi\u015fti. Sergiye kat\u0131lan t\u00fcm sanat\u00e7\u0131lara &#8220;Yeni D\u00fcnyalar\u0131n\u0131&#8221; bizlerle payla\u015ft\u0131klar\u0131 i\u00e7in te\u015fekk\u00fcr etmek isterim.<\/span><\/p>\n<p><span style=\"color: #ffffff; font-size: 14pt;\">******<\/span><\/p>\n<p><span style=\"font-size: 14pt; color: #ffffff;\"><strong>M\u00fcberra Alt\u0131nta\u015f, 24 Aral\u0131k 2020 Saat 12:04<\/strong><\/span><\/p>\n<p><span style=\"font-size: 14pt; color: #ffffff;\">\u201cYeni bir d\u00fcnyaya ba\u015fl\u0131yordum. Yepyeni \u015fiirler isterdim. Yeni romanlar okumal\u0131, yeni resimler seyretmeli, yazmak i\u00e7in yeniden bir ba\u015fka T\u00fcrk\u00e7e \u00f6\u011frenmeliydim. Yeni hisleri, yeni d\u00fc\u015f\u00fcnceleri, yeni kitaplar\u0131 aray\u0131p bulmal\u0131yd\u0131m.\u201d \u2013 Sait Faik Abas\u0131yan\u0131k Bu g\u00fczel sergide ba\u015far\u0131l\u0131 eserler \u00e7\u0131karm\u0131\u015f siz de\u011ferli \u00f6\u011fretici hocalar\u0131m\u0131z sayesinde yeni d\u00fcnyam\u0131za b\u00fcy\u00fck anlamlar katm\u0131\u015f olup, sizlerin yolundan ilerlemek bizler i\u00e7in \u00e7ok onur verici bir duygudur. Ellerinize ve y\u00fcre\u011finize sa\u011fl\u0131k. EBY\u00dc G\u00fczel Sanatlar Fak\u00fcltesi Resim B\u00f6l\u00fcm\u00fc 1. S\u0131n\u0131f \u00f6\u011frencisi M\u00fcberra Alt\u0131nta\u015f<\/span><\/p>\n<p><span style=\"color: #ffffff; font-size: 14pt;\">******<\/span><\/p>\n<p><span style=\"font-size: 14pt; color: #ffffff;\"><strong>G\u00fcls\u00fcm K\u0131rm\u0131z\u0131tepe, 22 Aral\u0131k 2020 Saat 13:18<\/strong><\/span><\/p>\n<p><span style=\"font-size: 14pt; color: #ffffff;\">Ba\u015fta t\u00fcm eme\u011fi ge\u00e7en hocalar\u0131m\u0131z ve arkada\u015flar\u0131m\u0131z\u0131n ellerine sa\u011fl\u0131k ger\u00e7ekten \u00e7ok g\u00fczel bir sergi olmu\u015f ve daha b\u00f6yle nice sergilere insallah basarilarinizin devam\u0131n\u0131 dilerim<img loading=\"lazy\" class=\"emoji\" role=\"img\" draggable=\"false\" src=\"https:\/\/s.w.org\/images\/core\/emoji\/13.0.1\/svg\/1f60a.svg\" alt=\"\ud83d\ude0a\" width=\"10\" height=\"10\" \/><\/span><\/p>\n<p><span style=\"color: #ffffff; font-size: 14pt;\">******<\/span><\/p>\n<p><span style=\"font-size: 14pt; color: #ffffff;\"><strong>Zeynep Ko\u00e7, 21 Aral\u0131k 2020 Saat 12:07<\/strong><\/span><\/p>\n<p><span style=\"font-size: 14pt; color: #ffffff;\">\u00c7ok de\u011ferli Evren Kavuk\u00e7u Hocam\u0131n k\u00fcrat\u00f6rl\u00fc\u011f\u00fcnde ger\u00e7ekle\u015fen bu sergide eme\u011fi olan herkese te\u015fekk\u00fcrlerimi sunar\u0131m.. Ellerine ve y\u00fcreklerine sa\u011fl\u0131k.. Tuba \u00d6ztopcu&#8217;nun eserini anlatmak i\u00e7in Orhan Veli \u015fiirini kullanmas\u0131 \u00e7ok ho\u015fuma gitti.. G\u00fczel ve metafizik ba\u011flant\u0131lar\u0131 zorlayan eserler her biri.. Seyircisine g\u00fczel bir sunu olu\u015fturmu\u015f.. Kutlar\u0131m..<\/span><\/p>\n<p><span style=\"color: #ffffff; font-size: 14pt;\">******<\/span><\/p>\n<p><span style=\"font-size: 14pt; color: #ffffff;\"><strong>S\u00fcmeyye \u00c7avdar, 20 Aral\u0131k 2020 Saat 14:22<\/strong><\/span><\/p>\n<p><span style=\"color: #ffffff; font-size: 14pt;\">Ba\u015fta \u00e7ok de\u011ferli Evren Kavuk\u00e7u hocam\u0131n ve di\u011fer sanat\u00e7\u0131lar\u0131n eme\u011fine ve y\u00fcre\u011fine sa\u011fl\u0131k.. Sergideki eserlerin, seyircisiyle ba\u011f\u0131n\u0131 kurdu\u011fu alanda totolojiye d\u00f6n\u00fc\u015fmesi, bir \u00e7evrim tamamlamas\u0131 olarak, ben-sen ili\u015fkisinin do\u011fru kuruldu\u011funu hissettiriyor. Y\u00fcksek hissiyat\u0131n giderek yok oldu\u011fu, hayata d\u00f6n\u00fc\u015f\u00fcn anlams\u0131zla\u015ft\u0131\u011f\u0131 \u015fu zamanlarda, t\u00fcm sanatseverlerin allah seyrini kalbul etsin.. bol \u015fans..<\/span><\/p>\n<p><span style=\"color: #ffffff; font-size: 14pt;\">******<\/span><\/p>\n<p><span style=\"font-size: 14pt; color: #ffffff;\"><strong>Alpaslan Akp\u0131nar, 19 Aral\u0131k 2020 Saat 21:19<\/strong><\/span><\/p>\n<p><span style=\"font-size: 14pt; color: #ffffff;\">De\u011ferli Hocam Do\u00e7 Evren Kavukcu&#8217;nun k\u00fcrat\u00f6rl\u00fc\u011f\u00fcn\u00fc \u00fcstlendi\u011fi &#8220;Yeni D\u00fcnyaya&#8230;&#8221; sergisine kat\u0131lmam\u0131 istemesinden dolay\u0131 onur duydum. \u00c7ok g\u00fczel ve \u00f6rnek bir sergi oldu\u011funa inan\u0131yorum. Sergiye kat\u0131lan hocalar\u0131ma, arkada\u015flar\u0131ma ve eme\u011fi ge\u00e7en herkese \u00e7ok te\u015fekk\u00fcr ediyorum.<\/span><\/p>\n<p><span style=\"color: #ffffff; font-size: 14pt;\">******<\/span><\/p>\n<p><span style=\"font-size: 14pt; color: #ffffff;\"><strong>\u00d6nder Y\u0131ld\u0131r\u0131m, 19 Aral\u0131k 2020 Saat 02:36<\/strong><\/span><\/p>\n<p><span style=\"font-size: 14pt; color: #ffffff;\">\u0130\u00e7inde bulundu\u011fumuz s\u00fcre\u00e7te uzaktan yapabildi\u011fimiz her \u015feyin bu kadar g\u00fczel ve anlaml\u0131 hale getirilmesi mutluluk verici. eme\u011fi ge\u00e7en herkese te\u015fekk\u00fcr ederim. Tebrikler&#8230;<\/span><\/p>\n<p><span style=\"color: #ffffff; font-size: 14pt;\">******<\/span><\/p>\n<p><span style=\"font-size: 14pt; color: #ffffff;\"><strong>Muzaffar Ta\u015fy\u00fcrek, 19 Aral\u0131k 2020 Saat 00:08<\/strong><\/span><\/p>\n<p><span style=\"font-size: 14pt; color: #ffffff;\">Tebrik ve te\u015fekk\u00fcr ederim \u00e7al\u0131\u015fmad\u0131n\u0131z ger\u00e7ekten g\u00fczel ve anlaml\u0131 kompozisyonlar.<\/span><\/p>\n<p><span style=\"color: #ffffff; font-size: 14pt;\">******<\/span><\/p>\n<p><span style=\"font-size: 14pt; color: #ffffff;\"><strong>Neslihan Kahraman, 18 Aral\u0131k 2020 Saat 23:29<\/strong><\/span><\/p>\n<p><span style=\"font-size: 14pt; color: #ffffff;\">Sergide eme\u011fi ge\u00e7en b\u00fct\u00fcn hocalar\u0131m\u0131n eline eme\u011fine sa\u011fl\u0131k b\u00fct\u00fcn \u00e7al\u0131\u015fmalar birbirinden de\u011ferli ve anlam dolu .Bu emek dolu sergide bulunmaktan gururluyum , ba\u015fta at\u00f6lye hocam Evren Kavuk\u00e7u olmak \u00fczere sergide eme\u011fi ge\u00e7en herkese te\u015fekk\u00fcrlerimi sunar\u0131m.<\/span><\/p>\n<p><span style=\"color: #ffffff; font-size: 14pt;\">******<\/span><\/p>\n<p><span style=\"font-size: 14pt; color: #ffffff;\"><strong>Selman at\u0131\u015f, 18 Aral\u0131k 2020 Saat 23:14<\/strong><\/span><\/p>\n<p><span style=\"font-size: 14pt; color: #ffffff;\">G\u00fcn\u00fcm\u00fcz d\u00fcnyas\u0131n\u0131 i\u00e7eren bu \u00e7al\u0131\u015fmalara hayran kalmamak elde de\u011fil.Ba\u015fta \u00e7ok de\u011ferli at\u00f6lye hocam Do\u00e7. Evren Kavuk\u00e7u&#8217;nun ve di\u011fer t\u00fcm hocalar\u0131m\u0131z\u0131n eline y\u00fcre\u011fine sa\u011fl\u0131k kutlar\u0131m&#8230;<\/span><\/p>\n<p><span style=\"color: #ffffff; font-size: 14pt;\">******<\/span><\/p>\n<p><span style=\"font-size: 14pt; color: #ffffff;\"><strong>Metin YAL\u00c7IN, 18 Aral\u0131k 2020 Saat 22:42<\/strong><\/span><\/p>\n<p><span style=\"font-size: 14pt; color: #ffffff;\">&#8230;O ceviz dallar\u0131, o asma, o dut, G\u00fcl g\u00fcl, mektup mektup b\u00fcy\u00fcyen umut&#8230; S.karakoc Gelece\u011fe sanat\u0131n umut verici y\u00fcz\u00fcne bakip g\u00fcl\u00fcmsememize sebep olan degerli K\u00fcrat\u00f6r Evren KAVUKCU Hocama ve De\u011ferli kat\u0131l\u0131mc\u0131 sanatcilara te\u015fekk\u00fcrederim.<\/span><\/p>\n<p><span style=\"color: #ffffff; font-size: 14pt;\">******<\/span><\/p>\n<p><span style=\"font-size: 14pt; color: #ffffff;\"><strong>G\u00f6khan ASKAN, 18 Aral\u0131k 2020 Saat 22:39<\/strong><\/span><\/p>\n<p><span style=\"font-size: 14pt; color: #ffffff;\">2020 y\u0131l\u0131n\u0131n yeni d\u00fcnyan\u0131n \u015fekillenmesinde etkisinin \u00e7ok b\u00fcy\u00fck olaca\u011f\u0131n\u0131 g\u00f6steren \u00e7ok g\u00fczel bir sergi eme\u011finize sa\u011fl\u0131k say\u0131n hocalar\u0131m&#8230;<\/span><\/p>\n<p><span style=\"color: #ffffff; font-size: 14pt;\">******<\/span><\/p>\n<p><span style=\"font-size: 14pt; color: #ffffff;\"><strong>Sabri TOPDA\u011eI, 18 Aral\u0131k 2020 Saat 20:28<\/strong><\/span><\/p>\n<p><span style=\"color: #ffffff; font-size: 14pt;\">Fiziki sergilere hasret kald\u0131\u011f\u0131m\u0131z bu k\u00fcresel salg\u0131n d\u00f6neminde b\u00fcy\u00fck emeklerle haz\u0131rlanm\u0131\u015f olan serginiz; i\u00e7inde bulundu\u011fumuz zorlu ko\u015fullarda, de\u011ferli kat\u0131l\u0131mc\u0131lar\u0131n g\u00fczel eserleriyle \u00e7ok doyurucu olmu\u015f. Sayg\u0131de\u011fer hocalar\u0131ma, kat\u0131l\u0131mc\u0131lara ve t\u00fcm eme\u011fi ge\u00e7enlere \u015f\u00fckranlar\u0131m\u0131 sunuyor, daha nice g\u00fczel ve ba\u015far\u0131l\u0131 eserler ve sergiler diliyorum.<\/span><\/p>\n<p><span style=\"color: #ffffff; font-size: 14pt;\">******<\/span><\/p>\n<p><span style=\"font-size: 14pt; color: #ffffff;\"><strong>Muhammet Hanefi Kozman, 18 Aral\u0131k 2020 Saat 16:35<\/strong><\/span><\/p>\n<p><span style=\"color: #ffffff; font-size: 14pt;\">Sergiye emek veren hocalar\u0131m\u0131za ve \u00f6\u011frencilerimize g\u00f6n\u00fcl dolusu te\u015fekk\u00fcrler. Ayr\u0131ca, Prof.Dr. Orhan Ta\u015fkesen ile Do\u00e7.Dr. Selma Ta\u015fkesen hocalar\u0131m\u0131z\u0131n yazm\u0131\u015f olduklar\u0131 g\u00fczel ve duygu dolu temennileri i\u00e7in de ayr\u0131ca kendilerine te\u015fekk\u00fcr ediyorum. Kalemlerine ve y\u00fcreklerine sa\u011fl\u0131k.<\/span><\/p>\n<p><span style=\"color: #ffffff; font-size: 14pt;\">******<\/span><\/p>\n<p><span style=\"font-size: 14pt; color: #ffffff;\"><strong>Muhammet Hanefi Kozman, 18 Aral\u0131k 2020 Saat 16:23<\/strong><\/span><\/p>\n<p><span style=\"color: #ffffff; font-size: 14pt;\">Sergide eme\u011fi ge\u00e7en herkese \u00e7ok te\u015fekk\u00fcr ediyorum.<\/span><\/p>\n<p><span style=\"color: #ffffff; font-size: 14pt;\">******<\/span><\/p>\n<p><span style=\"font-size: 14pt; color: #ffffff;\"><strong>Edanur, 18 Aral\u0131k 2020 Saat 14:46<\/strong><\/span><\/p>\n<p><span style=\"color: #ffffff; font-size: 14pt;\">Herkesin eme\u011fine ,eline sa\u011fl\u0131k.<\/span><\/p>\n<p><span style=\"color: #ffffff; font-size: 14pt;\">******<\/span><\/p>\n<p><span style=\"font-size: 14pt; color: #ffffff;\"><strong>Ya\u011fmur, 18 Aral\u0131k 2020 Saat 14:41<\/strong><\/span><\/p>\n<p data-wp-editing=\"1\"><span style=\"color: #ffffff; font-size: 14pt;\"><img loading=\"lazy\" class=\"emoji alignnone\" role=\"img\" draggable=\"false\" src=\"https:\/\/s.w.org\/images\/core\/emoji\/13.0.1\/svg\/1f44f-1f3fb.svg\" alt=\"\ud83d\udc4f\ud83c\udffb\" width=\"26\" height=\"26\" \/><img loading=\"lazy\" class=\"emoji alignnone\" role=\"img\" draggable=\"false\" src=\"https:\/\/s.w.org\/images\/core\/emoji\/13.0.1\/svg\/1f44f-1f3fb.svg\" alt=\"\ud83d\udc4f\ud83c\udffb\" width=\"26\" height=\"26\" \/><img loading=\"lazy\" class=\"emoji alignnone\" role=\"img\" draggable=\"false\" src=\"https:\/\/s.w.org\/images\/core\/emoji\/13.0.1\/svg\/1f44f-1f3fb.svg\" alt=\"\ud83d\udc4f\ud83c\udffb\" width=\"26\" height=\"26\" \/><\/span><\/p>\n<p><span style=\"color: #ffffff; font-size: 14pt;\">******<\/span><\/p>\n<p><span style=\"font-size: 14pt; color: #ffffff;\"><strong>Muhammed Can Kaya, 18 Aral\u0131k 2020 Saat 02:13<\/strong><\/span><\/p>\n<p><span style=\"font-size: 14pt; color: #ffffff;\">\u00d6ncelikle herkesin eme\u011fine sa\u011fl\u0131k. Bu zorlu g\u00fcnlerde b\u00f6yle bir sergiye \u015fahit olmak ger\u00e7ekten \u00e7ok iyi geldi. Eserlerin hepsi birbirinden k\u0131ymetli ve de\u011ferli. E\u011fitim g\u00f6rd\u00fc\u011f\u00fcm okuldaki hocalar\u0131m\u0131n \u00e7al\u0131\u015fmalar\u0131n\u0131 g\u00f6rmek \u00e7ok de\u011ferli benim i\u00e7in. B\u00f6yle bir f\u0131rsat\u0131 bizlere verdi\u011finiz i\u00e7in tekrardan hepinizin eline eme\u011fine sa\u011fl\u0131k.<\/span><\/p>\n<p><span style=\"color: #ffffff; font-size: 14pt;\">******<\/span><\/p>\n<p><span style=\"font-size: 14pt; color: #ffffff;\"><strong>Ali Osman Alaku\u015f, 17 Aral\u0131k 2020 Saat 23:30<\/strong><\/span><\/p>\n<p><span style=\"font-size: 14pt; color: #ffffff;\">K\u0131ymetli meslekta\u015f\u0131m, de\u011ferli Evren hocam, Covid-19 ve benzeri t\u00fcm \u201cvir\u00fcs\u201dkere ra\u011fmen k\u00fcrat\u00f6rl\u00fc\u011f\u00fcn\u00fczde ger\u00e7ekle\u015ftirdi\u011finiz bu s\u0131rad\u0131\u015f\u0131 sergiyle deneyimli sanat\u00e7\u0131lar ve gen\u00e7 sanat\u00e7\u0131lar\u0131 bulu\u015fturmu\u015f olman\u0131z takdire \u015fayan bir ba\u015far\u0131d\u0131r. Ellerinize ve y\u00fcre\u011finize sa\u011fl\u0131k! Manifestosu ve sergiledi\u011finiz eserlerle bir\u00e7ok gen\u00e7 karde\u015fimize I\u015f\u0131k tutacak bu erdemli sanatsal hareketiniz \u00fclkemizin \u00e7a\u011fda\u015f sanat yakla\u015f\u0131m\u0131na da fevkalade bir ivme kazand\u0131raca\u011f\u0131ndan ku\u015fkum yoktur. Tekrar sizi kutlar\u0131m. Prof. Dr. Ali Osman Alaku\u015f Dicle \u00dcniversitesi Sanat ve Tasar\u0131m Fak\u00fcltesi Dekan\u0131<\/span><\/p>\n<p><span style=\"color: #ffffff; font-size: 14pt;\">******<\/span><\/p>\n<p>[\/et_pb_text][\/et_pb_column][\/et_pb_row][\/et_pb_section]<\/p>\n","protected":false},"excerpt":{"rendered":"<p>[et_pb_section fb_built=&#8221;1&#8243; _builder_version=&#8221;4.7.6&#8243; background_color=&#8221;#000000&#8243;][et_pb_row _builder_version=&#8221;4.7.6&#8243; background_color=&#8221;#000000&#8243;][et_pb_column type=&#8221;4_4&#8243; _builder_version=&#8221;4.4.8&#8243;][et_pb_button button_url=&#8221;@ET-DC@eyJkeW5hbWljIjp0cnVlLCJjb250ZW50IjoicG9zdF9saW5rX3VybF9wYWdlIiwic2V0dGluZ3MiOnsicG9zdF9pZCI6IjYwNSJ9fQ==@&#8221; button_text=&#8221;Sergiye Geri D\u00f6n&#8221; admin_label=&#8221;D\u00fc\u011fme&#8221; _builder_version=&#8221;4.7.6&#8243; _dynamic_attributes=&#8221;button_url&#8221; _module_preset=&#8221;default&#8221; custom_button=&#8221;on&#8221; button_bg_color=&#8221;#000000&#8243; button_border_color=&#8221;#000000&#8243; button_font=&#8221;Indie Flower||||||||&#8221; button_icon=&#8221;%%41%%&#8221; button_icon_color=&#8221;#ffffff&#8221; button_icon_placement=&#8221;left&#8221; button_on_hover=&#8221;off&#8221;][\/et_pb_button][et_pb_text _builder_version=&#8221;4.7.7&#8243; _module_preset=&#8221;default&#8221; background_color=&#8221;#000000&#8243; hover_enabled=&#8221;0&#8243; sticky_enabled=&#8221;0&#8243;] &#8211; Sergi G\u00fcncesi &#8211; &nbsp; Hacer TOK, 26 Aral\u0131k 2020 Saat 15:04 Covid-19 la birlikte sadece d\u00fcnya de\u011fil milyonlarca insan\u0131n i\u00e7 d\u00fcnyas\u0131 da de\u011fi\u015fti. Sergiye [&hellip;]<\/p>\n","protected":false},"author":9,"featured_media":0,"parent":0,"menu_order":0,"comment_status":"closed","ping_status":"closed","template":"","meta":{"_et_pb_use_builder":"on","_et_pb_old_content":"","_et_gb_content_width":"","spay_email":""},"jetpack_sharing_enabled":true,"jetpack_likes_enabled":true,"_links":{"self":[{"href":"https:\/\/gsfsergi.ebyu.edu.tr\/index.php?rest_route=\/wp\/v2\/pages\/3555"}],"collection":[{"href":"https:\/\/gsfsergi.ebyu.edu.tr\/index.php?rest_route=\/wp\/v2\/pages"}],"about":[{"href":"https:\/\/gsfsergi.ebyu.edu.tr\/index.php?rest_route=\/wp\/v2\/types\/page"}],"author":[{"embeddable":true,"href":"https:\/\/gsfsergi.ebyu.edu.tr\/index.php?rest_route=\/wp\/v2\/users\/9"}],"replies":[{"embeddable":true,"href":"https:\/\/gsfsergi.ebyu.edu.tr\/index.php?rest_route=%2Fwp%2Fv2%2Fcomments&post=3555"}],"version-history":[{"count":23,"href":"https:\/\/gsfsergi.ebyu.edu.tr\/index.php?rest_route=\/wp\/v2\/pages\/3555\/revisions"}],"predecessor-version":[{"id":4109,"href":"https:\/\/gsfsergi.ebyu.edu.tr\/index.php?rest_route=\/wp\/v2\/pages\/3555\/revisions\/4109"}],"wp:attachment":[{"href":"https:\/\/gsfsergi.ebyu.edu.tr\/index.php?rest_route=%2Fwp%2Fv2%2Fmedia&parent=3555"}],"curies":[{"name":"wp","href":"https:\/\/api.w.org\/{rel}","templated":true}]}}