{"id":3034,"date":"2020-12-14T00:46:28","date_gmt":"2020-12-13T21:46:28","guid":{"rendered":"https:\/\/gsfsergi.ebyu.edu.tr\/?page_id=3034"},"modified":"2020-12-18T21:31:36","modified_gmt":"2020-12-18T18:31:36","slug":"manifesto","status":"publish","type":"page","link":"https:\/\/gsfsergi.ebyu.edu.tr\/?page_id=3034","title":{"rendered":"Yeni D\u00fcnyaya&#8230; Manifesto"},"content":{"rendered":"<p>[et_pb_section fb_built=&#8221;1&#8243; _builder_version=&#8221;4.7.6&#8243; _module_preset=&#8221;default&#8221; background_color=&#8221;#000000&#8243;][et_pb_row _builder_version=&#8221;4.7.6&#8243; _module_preset=&#8221;default&#8221; background_color=&#8221;#000000&#8243;][et_pb_column type=&#8221;4_4&#8243; _builder_version=&#8221;4.7.6&#8243; _module_preset=&#8221;default&#8221;][et_pb_image src=&#8221;https:\/\/gsfsergi.ebyu.edu.tr\/wp-content\/uploads\/2020\/12\/manifesto-baslik.gif&#8221; title_text=&#8221;manifesto ba\u015fl\u0131k&#8221; _builder_version=&#8221;4.7.6&#8243; _module_preset=&#8221;default&#8221; background_color=&#8221;#000000&#8243; width=&#8221;20%&#8221; max_width=&#8221;20%&#8221; module_alignment=&#8221;center&#8221; custom_margin=&#8221;||21px|||&#8221; custom_padding=&#8221;25px||0px|||&#8221;][\/et_pb_image][et_pb_text _builder_version=&#8221;4.7.6&#8243; _module_preset=&#8221;default&#8221; background_color=&#8221;#000000&#8243; custom_padding=&#8221;0px|||||&#8221;]<\/p>\n<p style=\"text-align: left;\"><span style=\"font-size: 14pt; color: #ffffff;\">\u015eimdi.<\/span><\/p>\n<p><span style=\"font-size: 14pt; color: #ffffff;\">Bizim sanat\u0131m\u0131z \u015fimdiyi ele al\u0131yor. S\u00fcre\u00e7 i\u00e7inde var olsa da, \u015fimdi\u2026 Peki, biz b\u00f6yle bir sanat etkinli\u011fine nas\u0131l geldik? Buraya s\u00fcr\u00fcklendik mi? Ba\u015fka \u00e7aremiz mi yoktu? Yoksa etraf\u0131m\u0131z\u0131 ku\u015fatan \u00e7areler(ki bu deva bulmak anlam\u0131nda da d\u00fc\u015f\u00fcn\u00fclebilir) aras\u0131ndan birini mi ye\u011fledik? Bizler size sesleniyoruz. D\u00fcnyaya, d\u00fcnyam\u0131za, size\u2026<\/span><\/p>\n<p><span style=\"font-size: 14pt; color: #ffffff;\">\u0130nsano\u011flunun sonsuz t\u00fcketimi, egemen g\u00fc\u00e7 olu\u015fu, merkeze kendini koyu\u015fu ve daha say\u0131labilecek belki y\u00fczlerce nedenin sonucu olarak etraf\u0131m\u0131z\u0131 ku\u015fatan bu d\u00fcnya, Covid-19\u2019un d\u00fcnyas\u0131 oldu\u011fu kadar bizim d\u00fcnyam\u0131z. Ba\u015fkala\u015f\u0131mlar \u00e7a\u011f\u0131nda, \u0131\u015f\u0131k h\u0131z\u0131nda ba\u015fkala\u015f\u0131mlar \u00e7a\u011f\u0131nda, s\u00fcrekli evrimle\u015fen bir vir\u00fcs bizi inan\u0131lmaz h\u0131zl\u0131 bir \u015fekilde ba\u015fkala\u015f\u0131ma itti. De\u011fi\u015fim ve ba\u015fkala\u015f\u0131m aras\u0131ndaki n\u00fcans fark\u0131ndan hareketle, yukar\u0131da da kulland\u0131\u011f\u0131m\u0131z gibi ku\u015fat\u0131lm\u0131\u015fl\u0131k kavram\u0131n\u0131 bu Yeni D\u00fcnya\u2019ya daha uygun g\u00f6r\u00fcyoruz. De\u011fi\u015fim s\u00fcre\u00e7 i\u00e7inde ger\u00e7ekle\u015fen ve temel de\u011ferden kopmayan bir durumu ifade ederken, ba\u015fkala\u015f\u0131m, Descartes\u2019in o \u00fcnl\u00fc sezgi\u2019si, Husserl\u2019in \u00f6zg\u00f6r\u00fc\u2019s\u00fc gibi anidenli\u011fe g\u00f6nderme yap\u0131yor. Ana hattan kesin bir kopu\u015f, A iken B olmak\u2026 T\u0131pk\u0131 s\u00fc\u00fc\u00fcperr kahramanlar\u0131n d\u00fcnyas\u0131nda ki k\u00f6t\u00fc adam\u0131n yarat\u0131l\u0131\u015f\u0131 gibi\u2026 S\u00f6z\u00fcm ona birdenbire ba\u015fka birisi olmak.<\/span><\/p>\n<p><span style=\"font-size: 14pt; color: #ffffff;\">Peki ama b\u00fct\u00fcn bunlar ne? Nas\u0131l anlat\u0131yor \u015fimdiyi? Tam da cevab\u0131n\u0131 arad\u0131\u011f\u0131m\u0131z bu sorular i\u00e7in bu sergiyi yapt\u0131k? Apokaliptik bir masal\u0131n i\u00e7indeymi\u015fizcesine etraf\u0131m\u0131z\u0131 ku\u015fatan bu vir\u00fcs bize ne s\u00f6yl\u00fcyor? Hay\u0131r! Bana ne s\u00f6yl\u00fcyor?<\/span><\/p>\n<p><span style=\"font-size: 14pt; color: #ffffff;\">Biz hala perspektiflere inanan eski kafal\u0131lar olarak, sizlerden b\u00fcy\u00fck harf ile tan\u0131mlad\u0131\u011f\u0131m\u0131z bu Yeni D\u00fcnya\u2019y\u0131 yorumlaman\u0131z\u0131 istedik. B\u00f6ylece sizin g\u00f6zlerinizin g\u00f6rd\u00fc\u011f\u00fc d\u00fcnyan\u0131n bir di\u011ferinin g\u00f6rd\u00fc\u011f\u00fc d\u00fcnya ile ayn\u0131 ko\u015futlara ba\u011fl\u0131 \u015fekillenip \u015fekillenmedi\u011fini \u00e7\u00f6z\u00fcmlemek ve ortak dil ile geli\u015ftirilen ortak psikolojik \u00e7\u00f6z\u00fcmlemeler ile ba\u015fkala\u015f\u0131m tarz\u0131m\u0131z\u0131 yinelemek ve yenilemeyi hedefliyoruz. Sanat\u0131 \u015fimdi de g\u00f6r\u00fcyor olmam\u0131z bug\u00fcn\u00fcn bir sosyal d\u00f6k\u00fcmantosyonuna indirgedi\u011fimiz anlam\u0131na gelmesin. Bizler bu d\u00fcnyay\u0131 yeniden tan\u0131mlamak ve bir kez daha bakmak istiyoruz. Bunun i\u00e7in baz\u0131 bak\u0131\u015f a\u00e7\u0131lar\u0131 belirleyerek bunlara kendi cevaplar\u0131m\u0131z\u0131 sunduk.<\/span><\/p>\n<p>&nbsp;<\/p>\n<p><span style=\"font-size: 14pt; color: #ffffff;\"><strong>Yeni D\u00fcnya;<\/strong><\/span><\/p>\n<p><span style=\"font-size: 14pt; color: #ffffff;\">Ki\u015finin, kendisinin ve \u00e7evresindekilerin ge\u00e7irdi\u011fi de\u011fi\u015fimin fark\u0131na vard\u0131\u011f\u0131nda olu\u015fan d\u00fcnyad\u0131r.<\/span><\/p>\n<p><span style=\"font-size: 14pt; color: #ffffff;\">Herkes i\u00e7in ayn\u0131 de\u011fildir ama herkes Yeni D\u00fcnya\u2019dad\u0131r.<\/span><\/p>\n<p><span style=\"font-size: 14pt; color: #ffffff;\">\u00c7evreye, ko\u015fullara, olaylara ve ya\u015fananlara g\u00f6re yeniden tan\u0131mlanabilir. Bu y\u00fczden Yeni D\u00fcnya kavram\u0131 sabit de\u011fil de\u011fi\u015fkendir.<\/span><\/p>\n<p><span style=\"font-size: 14pt; color: #ffffff;\">Ortamlar\u0131 ve \u00e7evresini kendisine uygun olacak \u015fekilde d\u00fczenler.<\/span><\/p>\n<p><span style=\"font-size: 14pt; color: #ffffff;\">G\u00fcnceldir, analiz ve sorgulama i\u00e7indedir.<\/span><\/p>\n<p><span style=\"font-size: 14pt; color: #ffffff;\">Ya\u015fam denen lokomotifin determinist taraf\u0131d\u0131r.<\/span><\/p>\n<p><span style=\"font-size: 14pt; color: #ffffff;\">Belirsiz sistemin bir par\u00e7as\u0131d\u0131r.<\/span><\/p>\n<p><span style=\"font-size: 14pt; color: #ffffff;\">Sosyal a\u011flar\u0131n kullan\u0131lmas\u0131yla artan dezenformasyondur.<\/span><\/p>\n<p><span style=\"font-size: 14pt; color: #ffffff;\">K\u0131s\u0131tlama ile birlikte gelen stres, panik, korku ve endi\u015fenin psikolojik seyridir.<\/span><\/p>\n<p><span style=\"font-size: 14pt; color: #ffffff;\">Kesintisiz aray\u0131\u015flar\u0131n psikodrama halidir.<\/span><\/p>\n<p>&nbsp;<\/p>\n<p><span style=\"font-size: 14pt; color: #ffffff;\"><strong>Yeni D\u00fcnya\u2019da;<\/strong><\/span><\/p>\n<p><span style=\"font-size: 14pt; color: #ffffff;\">Ekosistemin say\u0131s\u0131z zincirinin bir halkas\u0131 olan insano\u011flu; radikal sistemin kontrols\u00fcz g\u00fcc\u00fcd\u00fcr.<\/span><\/p>\n<p><span style=\"font-size: 14pt; color: #ffffff;\">\u0130zolasyon gerekli hale gelmi\u015ftir. Bunun sonucu olarak ileti\u015fim teknolojilerinde ya\u015fanan geli\u015fmelerin uzak ve yak\u0131n mek\u00e2nlar aras\u0131ndaki mesafenin s\u0131n\u0131rlar\u0131n\u0131n \u00f6tesinde yeni bir etkile\u015fim boyutu sa\u011flamas\u0131; \u00f6nceleri sabit mek\u00e2nlarda izleyicisiyle bir araya gelen sanat\u0131, b\u00fct\u00fcn k\u00fclt\u00fcrlerin birbirleriyle kar\u015f\u0131la\u015fma olas\u0131l\u0131\u011f\u0131n\u0131n her ge\u00e7en g\u00fcn daha da artt\u0131\u011f\u0131, ortak bir sanal zemine itmektedir.<\/span><\/p>\n<p>&nbsp;<\/p>\n<p><span style=\"font-size: 14pt; color: #ffffff;\"><strong>Yeni D\u00fcnya\u2019da Sanat;<\/strong><\/span><\/p>\n<p><span style=\"font-size: 14pt; color: #ffffff;\">Spek\u00fclatif evrende yitirilen ya\u015fant\u0131y\u0131 ortaya koyar. Bu evrende yitirilen g\u00fcndelik ya\u015fant\u0131 ve pratik deneyimler Yeni D\u00fcnya\u2019da kendini g\u00f6sterir.<\/span><\/p>\n<p><span style=\"font-size: 14pt; color: #ffffff;\">B\u00fct\u00fcn insanlar\u0131 \u00e7evreleyen yo\u011fun duygu durumlar\u0131n\u0131n \u00e7a\u011f\u0131n evrensel bir meselesi haline gelmesini ve evrensel olan\u0131n plastik durumunu zorunlu hale getiren bir anlay\u0131\u015f\u0131 gerektirmektedir.<\/span><\/p>\n<p><span style=\"font-size: 14pt; color: #ffffff;\">Ekonomik, sosyal, siyasal, k\u00fclt\u00fcrel ve sanatsal alanlardaki d\u00f6n\u00fc\u015f\u00fcm\u00fc ifade eden \u00e7ok y\u00f6nl\u00fc bu s\u00fcre\u00e7tir ve amac\u0131 yeni bir anlay\u0131\u015f, geli\u015fme ve ilerleme ortaya koyarak, Yeni D\u00fcnya\u2019n\u0131n d\u00f6n\u00fc\u015f\u00fcm\u00fcne yeni bir katk\u0131 sa\u011flamakt\u0131r.<\/span><\/p>\n<p><span style=\"font-size: 14pt; color: #ffffff;\">G\u00f6r\u00fcnt\u00fclerin ve seslerin olabildi\u011fince ger\u00e7ekli\u011fiyle sunuldu\u011fu dijital ger\u00e7eklik i\u00e7inde kurulan ve sanat\u00e7\u0131lar\u0131n, d\u00fc\u015f\u00fcncelerini ve eserlerini payla\u015fmalar\u0131na olanaklar yaratan, payla\u015f\u0131m ve tart\u0131\u015fman\u0131n esas oldu\u011fu bir zemin sunmaktad\u0131r. Bu zeminde; resim, foto\u011fraf, video, metin ve medyaya ili\u015fkin kar\u0131\u015f\u0131k ve \u00e7e\u015fitli olu\u015fumlarla Yeni D\u00fcnya\u2019ya uyum sa\u011flayacak \u015fekilde yeni bir kavramsal \u00e7er\u00e7evenin \u00e7izildi\u011fi bir sanat alg\u0131s\u0131 in\u015fa etmek ama\u00e7lan\u0131r. Bu; alg\u0131, renk, ses, hareket, zaman ve uzam\u0131n sentezinden olu\u015fur.<\/span><\/p>\n<p><span style=\"font-size: 14pt; color: #ffffff;\">\u0130mgeler aras\u0131nda kaygan bir zemin yaratarak, y\u00fczeye yay\u0131l\u0131r.<\/span><\/p>\n<p><span style=\"font-size: 14pt; color: #ffffff;\">Viralle\u015fme imgeler aras\u0131nda ge\u00e7i\u015flilik ve t\u00fcketilebilirlik yarat\u0131r.<\/span><\/p>\n<p><span style=\"font-size: 14pt; color: #ffffff;\">\u0130mgesi klasik uzamda de\u011fil, sanal uzamda ger\u00e7ekle\u015fir.<\/span><\/p>\n<p><span style=\"font-size: 14pt; color: #ffffff;\">Eserlerin sergilendikleri sanal ortam\u0131 galeri mek\u00e2n\u0131na d\u00f6n\u00fc\u015ft\u00fcr\u00fcr.<\/span><\/p>\n<p><span style=\"font-size: 14pt; color: #ffffff;\">Galeri mek\u00e2n\u0131n\u0131 sorgular.<\/span><\/p>\n<p><span style=\"font-size: 14pt; color: #ffffff;\">Yeni D\u00fcnya alg\u0131s\u0131n\u0131n bilincinde olarak hareket eder ve g\u00fcnl\u00fck ya\u015fant\u0131n\u0131n sorunlar\u0131n\u0131 bu bilin\u00e7le disiplinler aras\u0131 bir \u015fekilde dile getirir.<\/span><\/p>\n<p><span style=\"font-size: 14pt; color: #ffffff;\">Ge\u00e7mi\u015fi ve gelece\u011fi i\u00e7inde bar\u0131nd\u0131rarak \u015fimdi de olu\u015fur. O hem geleneksel, hem modern, hem \u00e7a\u011fda\u015ft\u0131r. Yeni D\u00fcnya\u2019da sanat \u015fimdiki zamanda olu\u015ftu\u011fu i\u00e7in ge\u00e7mi\u015f ve gelece\u011fin sanat\u0131 de\u011fildir \u015fimdiki zaman\u0131n sanat\u0131d\u0131r.<\/span><\/p>\n<p>&nbsp;<\/p>\n<p><span style=\"font-size: 14pt; color: #ffffff;\"><strong>Yeni D\u00fcnya\u2019da Sanat\u00e7\u0131;<\/strong><\/span><\/p>\n<p><span style=\"font-size: 14pt; color: #ffffff;\">Bizi ku\u015fatan Yeni D\u00fcnya uzam\u0131n s\u0131n\u0131rlar\u0131nda bir silikle\u015fme yarat\u0131r. Bu ku\u015fat\u0131lm\u0131\u015fl\u0131k i\u00e7inde kendine yer bulmaya \u00e7al\u0131\u015fan Yeni D\u00fcnya sanat\u00e7\u0131s\u0131, sanata yeni \u00e7\u00f6z\u00fcmlemeler getirmelidir. Bu \u00e7\u00f6z\u00fcmleme de, sanat\u00e7\u0131n\u0131n \u015feyler aras\u0131ndaki fiziki s\u0131n\u0131rlar\u0131 a\u015farak, sanal d\u00fcnyan\u0131n hen\u00fcz insan\u0131n kodlar\u0131na yabanc\u0131 olan bo\u015flu\u011fu(espas\u0131) i\u00e7inde yay\u0131lmas\u0131 ile m\u00fcmk\u00fcnd\u00fcr.<\/span><\/p>\n<p><span style=\"font-size: 14pt; color: #ffffff;\">Sanalla\u015fma ile bireyi tan\u0131mlayan b\u00fct\u00fcn kimlikleri bir kenara b\u0131rak\u0131labilir. Bedeni olmayan sanal kimlikler Yeni D\u00fcnya\u2019n\u0131n sanat\u00e7\u0131lar\u0131d\u0131r.<\/span><\/p>\n<p><span style=\"font-size: 14pt; color: #ffffff;\"><strong>\u2026<\/strong><\/span><\/p>\n<p><span style=\"font-size: 14pt; color: #ffffff;\">Sonu\u00e7 olarak Yeni D\u00fcnya bizlere sundu\u011fu sonsuz medyum ile tam da \u015fu anda sizler ile ekran\u0131n arkas\u0131ndan ileti\u015fim kuruyor.<\/span><\/p>\n<p><span style=\"font-size: 14pt; color: #ffffff;\">Elinizde ki telefonunuz veya kar\u015f\u0131n\u0131zdaki bilgisayar\u0131n\u0131z i\u00e7inden size sesleniyoruz. Ve sizlere varl\u0131\u011f\u0131m\u0131z\u0131 yenilemeye a\u00e7\u0131k psikolojik \u00e7\u00f6z\u00fcmlemeler sunuyoruz. Tam kar\u015f\u0131n\u0131zda s\u00f6zc\u00fckler ve imgeler aras\u0131nday\u0131z. Bizi kendi s\u00f6zleriniz ve imgeleriniz aras\u0131ndan iyice g\u00f6r\u00fcn diye ve yar\u0131n\u0131 hep birlikte kucaklayal\u0131m diye\u2026 Ba\u015fkala\u015ft\u0131k, bile!<\/span><\/p>\n<p><span style=\"font-size: 14pt; color: #ffffff;\">Biz Yeni D\u00fcnya\u2019y\u0131z. Sizler de.<\/span><\/p>\n<p><span style=\"font-size: 14pt; color: #ffffff;\">Merhaba!<\/span><\/p>\n<table style=\"height: 133px; width: 100%; border-collapse: collapse; border-color: #000000; background-color: #000000; border-style: dotted;\">\n<tbody>\n<tr style=\"height: 72px;\">\n<td style=\"width: 33.3333%; height: 72px; text-align: center;\"><span style=\"font-size: 14pt; color: #ffffff;\"><strong>Evren Kavukcu\u00a0\u00a0<\/strong><\/span><\/td>\n<td style=\"width: 33.3333%; height: 72px; text-align: center;\"><span style=\"font-size: 14pt; color: #ffffff;\"><strong>Ebru Arslan<\/strong><\/span><\/td>\n<td style=\"width: 33.3333%; height: 72px; text-align: center;\"><span style=\"font-size: 14pt; color: #ffffff;\"><strong>Elif \u00d6z<\/strong><\/span><\/td>\n<\/tr>\n<tr style=\"height: 61px;\">\n<td style=\"width: 33.3333%; height: 61px; text-align: center;\"><span style=\"font-size: 14pt; color: #ffffff;\"><strong>Hatice Tok<\/strong><\/span><\/td>\n<td style=\"width: 33.3333%; height: 61px; text-align: center;\"><span style=\"font-size: 14pt; color: #ffffff;\"><strong>Merve Yaz\u0131c\u0131<\/strong><\/span><\/td>\n<td style=\"width: 33.3333%; height: 61px; text-align: center;\"><span style=\"font-size: 14pt; color: #ffffff;\"><strong>Alev Karakuzu<\/strong><\/span><\/td>\n<\/tr>\n<\/tbody>\n<\/table>\n<p>&nbsp;<\/p>\n<p><span style=\"font-size: 14pt; color: #ffffff;\"><strong>\u00a0 \u00a0 \u00a0 \u00a0 \u00a0 \u00a0 \u00a0 \u00a0 \u00a0 \u00a0 \u00a0 \u00a0 \u00a0 \u00a0 \u00a0 \u00a0 \u00a0 \u00a0 \u00a0 \u00a0 \u00a0 \u00a0 \u00a0 \u00a0 \u00a0 \u00a0 \u00a0 \u00a0 \u00a0 \u00a0 \u00a0 \u00a0 \u00a0 \u00a0 \u00a0 \u00a0 \u00a0 \u00a0 \u00a0 \u00a0 \u00a0 \u00a0 \u00a0 \u00a0 \u00a0 \u00a0 \u00a0 \u00a0 \u00a0 \u00a0\u00a0<\/strong><\/span><\/p>\n<p><span style=\"font-size: 14pt; color: #ffffff;\"><strong>\u00a0<\/strong><\/span><\/p>\n<p>&nbsp;<\/p>\n<p>&nbsp;<\/p>\n<p>&nbsp;<\/p>\n<p>&nbsp;<\/p>\n<p>[\/et_pb_text][\/et_pb_column][\/et_pb_row][\/et_pb_section]<\/p>\n","protected":false},"excerpt":{"rendered":"<p>[et_pb_section fb_built=&#8221;1&#8243; _builder_version=&#8221;4.7.6&#8243; _module_preset=&#8221;default&#8221; background_color=&#8221;#000000&#8243;][et_pb_row _builder_version=&#8221;4.7.6&#8243; _module_preset=&#8221;default&#8221; background_color=&#8221;#000000&#8243;][et_pb_column type=&#8221;4_4&#8243; _builder_version=&#8221;4.7.6&#8243; _module_preset=&#8221;default&#8221;][et_pb_image src=&#8221;https:\/\/gsfsergi.ebyu.edu.tr\/wp-content\/uploads\/2020\/12\/manifesto-baslik.gif&#8221; title_text=&#8221;manifesto ba\u015fl\u0131k&#8221; _builder_version=&#8221;4.7.6&#8243; _module_preset=&#8221;default&#8221; background_color=&#8221;#000000&#8243; width=&#8221;20%&#8221; max_width=&#8221;20%&#8221; module_alignment=&#8221;center&#8221; custom_margin=&#8221;||21px|||&#8221; custom_padding=&#8221;25px||0px|||&#8221;][\/et_pb_image][et_pb_text _builder_version=&#8221;4.7.6&#8243; _module_preset=&#8221;default&#8221; background_color=&#8221;#000000&#8243; custom_padding=&#8221;0px|||||&#8221;] \u015eimdi. Bizim sanat\u0131m\u0131z \u015fimdiyi ele al\u0131yor. S\u00fcre\u00e7 i\u00e7inde var olsa da, \u015fimdi\u2026 Peki, biz b\u00f6yle bir sanat etkinli\u011fine nas\u0131l geldik? Buraya s\u00fcr\u00fcklendik mi? Ba\u015fka \u00e7aremiz mi yoktu? Yoksa etraf\u0131m\u0131z\u0131 [&hellip;]<\/p>\n","protected":false},"author":9,"featured_media":0,"parent":0,"menu_order":0,"comment_status":"closed","ping_status":"closed","template":"","meta":{"_et_pb_use_builder":"on","_et_pb_old_content":"","_et_gb_content_width":"","spay_email":""},"jetpack_sharing_enabled":true,"jetpack_likes_enabled":true,"_links":{"self":[{"href":"https:\/\/gsfsergi.ebyu.edu.tr\/index.php?rest_route=\/wp\/v2\/pages\/3034"}],"collection":[{"href":"https:\/\/gsfsergi.ebyu.edu.tr\/index.php?rest_route=\/wp\/v2\/pages"}],"about":[{"href":"https:\/\/gsfsergi.ebyu.edu.tr\/index.php?rest_route=\/wp\/v2\/types\/page"}],"author":[{"embeddable":true,"href":"https:\/\/gsfsergi.ebyu.edu.tr\/index.php?rest_route=\/wp\/v2\/users\/9"}],"replies":[{"embeddable":true,"href":"https:\/\/gsfsergi.ebyu.edu.tr\/index.php?rest_route=%2Fwp%2Fv2%2Fcomments&post=3034"}],"version-history":[{"count":19,"href":"https:\/\/gsfsergi.ebyu.edu.tr\/index.php?rest_route=\/wp\/v2\/pages\/3034\/revisions"}],"predecessor-version":[{"id":3982,"href":"https:\/\/gsfsergi.ebyu.edu.tr\/index.php?rest_route=\/wp\/v2\/pages\/3034\/revisions\/3982"}],"wp:attachment":[{"href":"https:\/\/gsfsergi.ebyu.edu.tr\/index.php?rest_route=%2Fwp%2Fv2%2Fmedia&parent=3034"}],"curies":[{"name":"wp","href":"https:\/\/api.w.org\/{rel}","templated":true}]}}